{"version":"1.0","provider_name":"IES Pere Bo\u00efl","provider_url":"https:\/\/pereboil.com\/es\/","author_name":"pereboil","author_url":"https:\/\/pereboil.com\/es\/author\/pereboil\/","title":"CONCIERTO FIN DE CURSO - IES Pere Bo\u00efl","type":"rich","width":600,"height":338,"html":"<blockquote class=\"wp-embedded-content\" data-secret=\"xBzZEqWzOX\"><a href=\"https:\/\/pereboil.com\/es\/concert-fi-de-curs\/\">CONCIERTO FIN DE CURSO<\/a><\/blockquote><iframe sandbox=\"allow-scripts\" security=\"restricted\" src=\"https:\/\/pereboil.com\/es\/concert-fi-de-curs\/embed\/#?secret=xBzZEqWzOX\" width=\"600\" height=\"338\" title=\"\u00abCONCIERTO FIN DE CURSO\u00bb \u2014 IES Pere Bo\u00efl\" data-secret=\"xBzZEqWzOX\" frameborder=\"0\" marginwidth=\"0\" marginheight=\"0\" scrolling=\"no\" class=\"wp-embedded-content\"><\/iframe><script type=\"text\/javascript\">\n\/* <![CDATA[ *\/\n\/*! This file is auto-generated *\/\n!function(d,l){\"use strict\";l.querySelector&&d.addEventListener&&\"undefined\"!=typeof URL&&(d.wp=d.wp||{},d.wp.receiveEmbedMessage||(d.wp.receiveEmbedMessage=function(e){var t=e.data;if((t||t.secret||t.message||t.value)&&!\/[^a-zA-Z0-9]\/.test(t.secret)){for(var s,r,n,a=l.querySelectorAll('iframe[data-secret=\"'+t.secret+'\"]'),o=l.querySelectorAll('blockquote[data-secret=\"'+t.secret+'\"]'),c=new RegExp(\"^https?:$\",\"i\"),i=0;i<o.length;i++)o[i].style.display=\"none\";for(i=0;i<a.length;i++)s=a[i],e.source===s.contentWindow&&(s.removeAttribute(\"style\"),\"height\"===t.message?(1e3<(r=parseInt(t.value,10))?r=1e3:~~r<200&&(r=200),s.height=r):\"link\"===t.message&&(r=new URL(s.getAttribute(\"src\")),n=new URL(t.value),c.test(n.protocol))&&n.host===r.host&&l.activeElement===s&&(d.top.location.href=t.value))}},d.addEventListener(\"message\",d.wp.receiveEmbedMessage,!1),l.addEventListener(\"DOMContentLoaded\",function(){for(var e,t,s=l.querySelectorAll(\"iframe.wp-embedded-content\"),r=0;r<s.length;r++)(t=(e=s[r]).getAttribute(\"data-secret\"))||(t=Math.random().toString(36).substring(2,12),e.src+=\"#?secret=\"+t,e.setAttribute(\"data-secret\",t)),e.contentWindow.postMessage({message:\"ready\",secret:t},\"*\")},!1)))}(window,document);\n\/* ]]> *\/\n<\/script>\n","thumbnail_url":"https:\/\/pereboil.com\/wp-content\/uploads\/2019\/05\/concert-2019-1.png","thumbnail_width":1588,"thumbnail_height":2246,"description":"Tenemos el placer de anunciar que el pr\u00f3ximo martes 28 de mayo tendr\u00e1 lugar en el \u00abAuditori Germanies\u00bb el 4\u00ba D\u00cdA DE LA M\u00daSICA\u00a0del IES Pere Bo\u00efl. El departamento de m\u00fasica ha preparado un concierto de fin de curso para toda la comunidad educativa, como viene haciendo desde hace m\u00e1s de 10 a\u00f1os y que... Leer M\u00e1s"}